{"id":6,"date":"2023-02-21T16:31:50","date_gmt":"2023-02-21T16:31:50","guid":{"rendered":"http:\/\/amsconcert.pl\/?page_id=6"},"modified":"2023-02-21T17:10:59","modified_gmt":"2023-02-21T17:10:59","slug":"strona-glowna","status":"publish","type":"page","link":"https:\/\/amsconcert.pl\/","title":{"rendered":"Strona g\u0142\u00f3wna"},"content":{"rendered":"\n<div class=\"wp-block-cover alignfull is-light\" style=\"min-height:700px\"><span aria-hidden=\"true\" class=\"wp-block-cover__background has-background-dim-0 has-background-dim\"><\/span><img decoding=\"async\" class=\"wp-block-cover__image-background\" alt=\"\" src=\"https:\/\/amsconcert.pl\/wp-content\/themes\/neve\/assets\/img\/starter-content\/hero.jpg\" style=\"object-position:50% 64%\" data-object-fit=\"cover\" data-object-position=\"50% 64%\"\/><div class=\"wp-block-cover__inner-container\">\n<div style=\"height:80px\" aria-hidden=\"true\" class=\"wp-block-spacer\"><\/div>\n\n\n\n<h1 class=\"has-text-align-center has-text-color\" style=\"color:#121212\">innowacje, inspiracje, wyj\u0105tkowo\u015b\u0107<\/h1>\n\n\n\n<p class=\"has-text-align-center has-text-color\" style=\"color:#121212;font-size:17px\">Odkryj co mo\u017cemy dla Ciebie zrobi\u0107<\/p>\n\n\n\n<div class=\"is-content-justification-center is-layout-flex wp-container-1 wp-block-buttons\">\n<div class=\"wp-block-button is-style-primary\"><a class=\"wp-block-button__link wp-element-button\" href=\"https:\/\/amsconcert.pl\/index.php\/informacje\/\">WI\u0118CEJ<\/a><\/div>\n<\/div>\n\n\n\n<div style=\"height:80px\" aria-hidden=\"true\" class=\"wp-block-spacer\"><\/div>\n\n\n\n<div style=\"height:80px\" aria-hidden=\"true\" class=\"wp-block-spacer\"><\/div>\n\n\n\n<p><\/p>\n<\/div><\/div>\n\n\n\n<div style=\"height:80px\" aria-hidden=\"true\" class=\"wp-block-spacer\"><\/div>\n\n\n\n<div class=\"is-layout-flex wp-container-5 wp-block-columns\">\n<div class=\"is-layout-flow wp-block-column\"><div class=\"wp-block-image icon-style is-style-default\">\n<figure class=\"aligncenter is-resized\"><img decoding=\"async\" loading=\"lazy\" src=\"https:\/\/amsconcert.pl\/wp-content\/themes\/neve\/assets\/img\/starter-content\/icon-03.svg\" alt=\"\" width=\"48\" height=\"48\"\/><\/figure><\/div>\n\n\n<h3 class=\"has-text-align-center has-neve-text-color-color has-text-color\">Upominki firmowe<\/h3>\n\n\n\n<p class=\"has-text-align-center\">Szeroka oferta artyku\u0142\u00f3w reklamowych oraz odzie\u017cy firmowej i roboczej.<\/p>\n\n\n\n<div style=\"height:20px\" aria-hidden=\"true\" class=\"wp-block-spacer\"><\/div>\n<\/div>\n\n\n\n<div class=\"is-layout-flow wp-block-column\"><div class=\"wp-block-image icon-style is-style-default\">\n<figure class=\"aligncenter is-resized\"><img decoding=\"async\" loading=\"lazy\" src=\"https:\/\/amsconcert.pl\/wp-content\/themes\/neve\/assets\/img\/starter-content\/icon-02.svg\" alt=\"\" width=\"48\" height=\"48\"\/><\/figure><\/div>\n\n\n<h3 class=\"has-text-align-center has-neve-text-color-color has-text-color\">Event Marketing<\/h3>\n\n\n\n<p class=\"has-text-align-center\">20 lat do\u015bwiadczenia w realizacji imprez firmowych i eventow\u0105 promocyjnych dla najwi\u0119kszych firm w Polsce.<\/p>\n\n\n\n<div style=\"height:20px\" aria-hidden=\"true\" class=\"wp-block-spacer\"><\/div>\n<\/div>\n\n\n\n<div class=\"is-layout-flow wp-block-column\"><div class=\"wp-block-image icon-style is-style-rounded\">\n<figure class=\"aligncenter is-resized\"><img decoding=\"async\" loading=\"lazy\" src=\"https:\/\/amsconcert.pl\/wp-content\/themes\/neve\/assets\/img\/starter-content\/icon-01.svg\" alt=\"\" width=\"48\" height=\"48\"\/><\/figure><\/div>\n\n\n<h3 class=\"has-text-align-center has-neve-text-color-color has-text-color\">Artyku\u0142y firmowe<\/h3>\n\n\n\n<p class=\"has-text-align-center\">Bogata oferta artyku\u0142\u00f3w firmowych, biurowych i pracowniczych.<\/p>\n\n\n\n<div style=\"height:20px\" aria-hidden=\"true\" class=\"wp-block-spacer\"><\/div>\n<\/div>\n<\/div>\n\n\n\n<div style=\"height:80px\" aria-hidden=\"true\" class=\"wp-block-spacer\"><\/div>\n\n\n\n<div class=\"wp-block-cover alignfull is-light\" style=\"min-height:600px\"><span aria-hidden=\"true\" class=\"wp-block-cover__background has-nv-light-bg-background-color has-background-dim\"><\/span><img decoding=\"async\" loading=\"lazy\" width=\"1028\" height=\"1146\" class=\"wp-block-cover__image-background wp-image-17\" alt=\"\" src=\"https:\/\/amsconcert.pl\/wp-content\/uploads\/2023\/02\/Zrzut-ekranu-2023-02-21-o-17.14.03.png\" data-object-fit=\"cover\" srcset=\"https:\/\/amsconcert.pl\/wp-content\/uploads\/2023\/02\/Zrzut-ekranu-2023-02-21-o-17.14.03.png 1028w, https:\/\/amsconcert.pl\/wp-content\/uploads\/2023\/02\/Zrzut-ekranu-2023-02-21-o-17.14.03-269x300.png 269w, https:\/\/amsconcert.pl\/wp-content\/uploads\/2023\/02\/Zrzut-ekranu-2023-02-21-o-17.14.03-919x1024.png 919w, https:\/\/amsconcert.pl\/wp-content\/uploads\/2023\/02\/Zrzut-ekranu-2023-02-21-o-17.14.03-768x856.png 768w\" sizes=\"(max-width: 1028px) 100vw, 1028px\" \/><div class=\"wp-block-cover__inner-container\">\n<div class=\"is-layout-flow wp-block-group\"><div class=\"wp-block-group__inner-container\">\n<div style=\"height:80px\" aria-hidden=\"true\" class=\"wp-block-spacer\"><\/div>\n\n\n\n<div class=\"is-layout-flex wp-container-9 wp-block-columns are-vertically-aligned-center\">\n<div class=\"is-layout-flow wp-block-column is-vertically-aligned-center\" style=\"flex-basis:50%\">\n<figure class=\"wp-block-image size-large\"><img decoding=\"async\" loading=\"lazy\" width=\"919\" height=\"1024\" src=\"https:\/\/amsconcert.pl\/wp-content\/uploads\/2023\/02\/Zrzut-ekranu-2023-02-21-o-17.14.03-1-919x1024.png\" alt=\"\" class=\"wp-image-18\" srcset=\"https:\/\/amsconcert.pl\/wp-content\/uploads\/2023\/02\/Zrzut-ekranu-2023-02-21-o-17.14.03-1-919x1024.png 919w, https:\/\/amsconcert.pl\/wp-content\/uploads\/2023\/02\/Zrzut-ekranu-2023-02-21-o-17.14.03-1-269x300.png 269w, https:\/\/amsconcert.pl\/wp-content\/uploads\/2023\/02\/Zrzut-ekranu-2023-02-21-o-17.14.03-1-768x856.png 768w, https:\/\/amsconcert.pl\/wp-content\/uploads\/2023\/02\/Zrzut-ekranu-2023-02-21-o-17.14.03-1.png 1028w\" sizes=\"(max-width: 919px) 100vw, 919px\" \/><\/figure>\n<\/div>\n\n\n\n<div class=\"is-layout-flow wp-block-column is-vertically-aligned-center\" style=\"flex-basis:50%\">\n<div style=\"height:20px\" aria-hidden=\"true\" class=\"wp-block-spacer\"><\/div>\n\n\n\n<h2 class=\"has-text-align-left has-neve-text-color-color has-text-color\">Upominki<\/h2>\n\n\n\n<p class=\"has-text-align-left has-neve-text-color-color has-text-color\" style=\"font-size:17px\">Najnowsze produkty z bran\u017cy upomink\u00f3w reklamowych ju\u017c dost\u0119pne.<\/p>\n\n\n\n<div class=\"is-content-justification-left is-layout-flex wp-container-7 wp-block-buttons\">\n<div class=\"wp-block-button is-style-primary\"><a class=\"wp-block-button__link wp-element-button\">Wi\u0119cej wkr\u00f3tce<\/a><\/div>\n<\/div>\n<\/div>\n<\/div>\n\n\n\n<div style=\"height:40px\" aria-hidden=\"true\" class=\"wp-block-spacer\"><\/div>\n<\/div><\/div>\n<\/div><\/div>\n\n\n\n<div class=\"wp-block-cover alignfull\" style=\"min-height:600px\"><span aria-hidden=\"true\" class=\"wp-block-cover__background has-nv-site-bg-background-color has-background-dim-100 has-background-dim\"><\/span><div class=\"wp-block-cover__inner-container\">\n<div class=\"is-layout-flow wp-block-group\"><div class=\"wp-block-group__inner-container\">\n<div style=\"height:80px\" aria-hidden=\"true\" class=\"wp-block-spacer\"><\/div>\n\n\n\n<div class=\"is-layout-flex wp-container-14 wp-block-columns are-vertically-aligned-center\">\n<div class=\"is-layout-flow wp-block-column is-vertically-aligned-center\" style=\"flex-basis:50%\">\n<h2 class=\"has-text-align-left has-neve-text-color-color has-text-color\">Eventy firmowe<\/h2>\n\n\n\n<p class=\"has-text-align-left has-neve-text-color-color has-text-color\" style=\"font-size:17px\">Od 2001 roku zrealizowali\u015bmy dziesi\u0105tki imprez firmowych od imprez tematycznych po eventy promocyjne, konferencje i wyjazdy.<\/p>\n\n\n\n<div class=\"is-content-justification-left is-layout-flex wp-container-11 wp-block-buttons\">\n<div class=\"wp-block-button is-style-primary\"><a class=\"wp-block-button__link wp-element-button\">Wi\u0119cej wkr\u00f3tce<\/a><\/div>\n<\/div>\n\n\n\n<div style=\"height:40px\" aria-hidden=\"true\" class=\"wp-block-spacer\"><\/div>\n<\/div>\n\n\n\n<div class=\"is-layout-flow wp-block-column is-vertically-aligned-center\" style=\"flex-basis:50%\">\n<figure class=\"wp-block-image size-full\"><img decoding=\"async\" loading=\"lazy\" width=\"940\" height=\"407\" src=\"https:\/\/amsconcert.pl\/wp-content\/uploads\/2023\/02\/fot4.jpg\" alt=\"\" class=\"wp-image-20\" srcset=\"https:\/\/amsconcert.pl\/wp-content\/uploads\/2023\/02\/fot4.jpg 940w, https:\/\/amsconcert.pl\/wp-content\/uploads\/2023\/02\/fot4-300x130.jpg 300w, https:\/\/amsconcert.pl\/wp-content\/uploads\/2023\/02\/fot4-768x333.jpg 768w\" sizes=\"(max-width: 940px) 100vw, 940px\" \/><\/figure>\n<\/div>\n<\/div>\n\n\n\n<div style=\"height:40px\" aria-hidden=\"true\" class=\"wp-block-spacer\"><\/div>\n<\/div><\/div>\n<\/div><\/div>\n\n\n\n<div class=\"wp-block-cover alignfull\" style=\"min-height:600px\"><span aria-hidden=\"true\" class=\"wp-block-cover__background has-nv-dark-bg-background-color has-background-dim-100 has-background-dim\"><\/span><div class=\"wp-block-cover__inner-container\">\n<div class=\"is-layout-flow wp-block-group\"><div class=\"wp-block-group__inner-container\">\n<div style=\"height:80px\" aria-hidden=\"true\" class=\"wp-block-spacer\"><\/div>\n\n\n\n<div class=\"is-layout-flex wp-container-19 wp-block-columns are-vertically-aligned-center\">\n<div class=\"is-layout-flow wp-block-column is-vertically-aligned-center\" style=\"flex-basis:50%\">\n<figure class=\"wp-block-image\"><img decoding=\"async\" src=\"https:\/\/amsconcert.pl\/wp-content\/themes\/neve\/assets\/img\/starter-content\/card-03.jpg\" alt=\"\"\/><\/figure>\n<\/div>\n\n\n\n<div class=\"is-layout-flow wp-block-column is-vertically-aligned-center\" style=\"flex-basis:50%\">\n<div style=\"height:40px\" aria-hidden=\"true\" class=\"wp-block-spacer\"><\/div>\n\n\n\n<h2 class=\"has-text-align-left has-nv-text-dark-bg-color has-text-color\">Wszystko czego potrzebujesz<\/h2>\n\n\n\n<p class=\"has-text-align-left has-nv-text-dark-bg-color has-text-color\" style=\"font-size:17px\">Zapewniamy wszystkich niezb\u0119dnych narz\u0119dzi dla rozwoju Twojego biznesu i komfortu Twoich pracownik\u00f3w.<\/p>\n\n\n\n<div class=\"is-content-justification-left is-layout-flex wp-container-17 wp-block-buttons\">\n<div class=\"wp-block-button is-style-primary\"><a class=\"wp-block-button__link wp-element-button\">Wi\u0119cej wkr\u00f3tce<\/a><\/div>\n<\/div>\n<\/div>\n<\/div>\n\n\n\n<div style=\"height:40px\" aria-hidden=\"true\" class=\"wp-block-spacer\"><\/div>\n<\/div><\/div>\n<\/div><\/div>\n\n\n\n<div style=\"height:40px\" aria-hidden=\"true\" class=\"wp-block-spacer\"><\/div>\n\n\n\n<div class=\"wp-block-cover alignfull\" style=\"min-height:300px\"><span aria-hidden=\"true\" class=\"wp-block-cover__background has-nv-dark-bg-background-color has-background-dim-100 has-background-dim\"><\/span><div class=\"wp-block-cover__inner-container\">\n<div style=\"height:140px\" aria-hidden=\"true\" class=\"wp-block-spacer\"><\/div>\n\n\n\n<h2 class=\"has-text-align-center has-nv-text-dark-bg-color has-text-color\">Zapraszamy do wsp\u00f3\u0142pracy<\/h2>\n\n\n\n<p class=\"has-text-align-center has-medium-font-size\">Lata do\u015bwiadcze\u0144 i praca z najbardziej wymagaj\u0105cymi klientami sprawi\u0142y, <br>\u017ce o marketingu wiemy bardzo du\u017co, ale wci\u0105\u017c si\u0119 uczymy. <\/p>\n\n\n\n<div class=\"is-content-justification-center is-layout-flex wp-container-21 wp-block-buttons\">\n<div class=\"wp-block-button is-style-primary\"><a class=\"wp-block-button__link wp-element-button\" href=\"https:\/\/amsconcert.pl\/index.php\/kontakt\/\">Napisz do nas<\/a><\/div>\n<\/div>\n\n\n\n<div style=\"height:140px\" aria-hidden=\"true\" class=\"wp-block-spacer\"><\/div>\n\n\n\n<p class=\"has-text-align-right\">Kontakt:<br>AMS Concert Event Marketing<br>Tel: + 48 607 920 429<br>Mail: <a href=\"mailto:biuro@amsconcert.pl\">biuro@amsconcert.pl<\/a><\/p>\n<\/div><\/div>\n","protected":false},"excerpt":{"rendered":"<p>Upominki firmowe Szeroka oferta artyku\u0142\u00f3w reklamowych oraz odzie\u017cy firmowej i roboczej. Event Marketing 20 lat do\u015bwiadczenia w realizacji imprez firmowych i eventow\u0105 promocyjnych dla najwi\u0119kszych firm w Polsce. Artyku\u0142y firmowe Bogata oferta artyku\u0142\u00f3w firmowych, biurowych i pracowniczych.<\/p>\n","protected":false},"author":1,"featured_media":0,"parent":0,"menu_order":0,"comment_status":"closed","ping_status":"closed","template":"","meta":{"neve_meta_sidebar":"","neve_meta_container":"","neve_meta_enable_content_width":"on","neve_meta_content_width":100,"neve_meta_title_alignment":"","neve_meta_author_avatar":"","neve_post_elements_order":"","neve_meta_disable_header":"","neve_meta_disable_footer":"","neve_meta_disable_title":"on"},"_links":{"self":[{"href":"https:\/\/amsconcert.pl\/index.php\/wp-json\/wp\/v2\/pages\/6"}],"collection":[{"href":"https:\/\/amsconcert.pl\/index.php\/wp-json\/wp\/v2\/pages"}],"about":[{"href":"https:\/\/amsconcert.pl\/index.php\/wp-json\/wp\/v2\/types\/page"}],"author":[{"embeddable":true,"href":"https:\/\/amsconcert.pl\/index.php\/wp-json\/wp\/v2\/users\/1"}],"replies":[{"embeddable":true,"href":"https:\/\/amsconcert.pl\/index.php\/wp-json\/wp\/v2\/comments?post=6"}],"version-history":[{"count":5,"href":"https:\/\/amsconcert.pl\/index.php\/wp-json\/wp\/v2\/pages\/6\/revisions"}],"predecessor-version":[{"id":48,"href":"https:\/\/amsconcert.pl\/index.php\/wp-json\/wp\/v2\/pages\/6\/revisions\/48"}],"wp:attachment":[{"href":"https:\/\/amsconcert.pl\/index.php\/wp-json\/wp\/v2\/media?parent=6"}],"curies":[{"name":"wp","href":"https:\/\/api.w.org\/{rel}","templated":true}]}}